	{"id":1397,"date":"2019-11-14T15:25:53","date_gmt":"2019-11-14T15:37:02","guid":{"rendered":"https:\/\/www.megastitch.eu\/?post_type=product&#038;p=1397"},"modified":"2024-12-01T00:00:57","modified_gmt":"2024-11-30T23:00:57","slug":"adventni-kalendar-bez-sladkosti-farma","status":"publish","type":"product","link":"https:\/\/www.megastitch.eu\/cs\/obchod\/pro-deti\/adventni-kalendar-bez-sladkosti-farma\/","title":{"rendered":"Adventn\u00ed kalend\u00e1\u0159 bez sladkost\u00ed, farma"},"content":{"rendered":"<div class=\"nolwrap\"><p>Adventn\u00ed kalend\u00e1\u0159 obsahuje n\u00e1st\u011bnn\u00fd kalend\u00e1\u0159 a leporelo na t\u00e9ma farma, d\u00edky kter\u00fdm si u\u017eijete spole\u010dn\u00e9 kouzlo o\u010dek\u00e1v\u00e1n\u00ed V\u00e1noc s \u00fakoly pro d\u011bti na ka\u017ed\u00fd den.<\/p>\n<p>Poznejte \u017eivot na farm\u011b, jej\u00ed obyvatele prase, husu, psa, kr\u00e1vu, kr\u00e1l\u00edky, ko\u010dky a jin\u00e9. Tak\u00e9 pr\u00e1ci na poli. A z\u00e1rove\u0148 si spolu objasn\u00edte hodnoty jako rodina, vd\u011b\u010dnost a dal\u0161\u00ed.<\/p>\n<p>Spln\u011bn\u00ed \u00fakolu na dan\u00fd den zabere asi 20 minut \u010dasu.<\/p>\n<p>Kalend\u00e1\u0159 je v \u010desk\u00e9m jazyce.<\/p>\n<h4>Technick\u00e9 parametry<\/h4>\n<p><strong>Leporelo<\/strong><br \/>\nKniha\u0159sk\u00e1 lepenka, recyklovan\u00e1, hladk\u00e1 1260g\/m2; kniha\u0159sk\u00e9 pl\u00e1tno CLASSICZ- \u010derven\u00e1; 8x tisk &#8211; pap\u00edr Multioffset 100g\/m2, form\u00e1t A4, 4 listy.<\/p>\n<p><strong>Kalend\u00e1\u0159<\/strong><br \/>\nA4, Ob\u00e1lka 135g\/m2 k\u0159\u00edda mat, vnit\u0159n\u00ed listy 100g\/m2 nenat\u00edran\u00fd ofset, vazba twin wire, zadn\u00ed podkladov\u00fd karton, tisk 4\/4, 28 list\u016f.<\/p>\n<p>Na kalend\u00e1\u0159 i leporelo je mo\u017en\u00e9 bez probl\u00e9m\u016f kreslit. Kalend\u00e1\u0159 sa d\u00e1 lepit i st\u0159\u00edhat.<\/p>\n<\/div>","protected":false},"excerpt":{"rendered":"<p>Adventn\u00ed kalend\u00e1\u0159 slo\u017een\u00fd z n\u00e1st\u011bnn\u00e9ho kalend\u00e1\u0159e a leporela, na t\u00e9ma farma. Pro\u017eijte s d\u011btmi o\u010dek\u00e1v\u00e1n\u00ed v\u00e1no\u010dn\u00edch sv\u00e1tk\u016f jinak. Spolu v rodinn\u00e9m kruhu p\u0159i h\u0159e a vypl\u0148ov\u00e1n\u00ed tohoto kalend\u00e1\u0159e. Kalend\u00e1\u0159 je v \u010desk\u00e9m jazyce.<\/p>\n","protected":false},"featured_media":1430,"comment_status":"open","ping_status":"closed","template":"","meta":{"_uag_custom_page_level_css":"","ngg_post_thumbnail":0},"product_cat":[114],"product_tag":[],"class_list":["post-1397","product","type-product","status-publish","has-post-thumbnail","product_cat-pro-deti","first","instock","shipping-taxable","purchasable","product-type-simple"],"aioseo_notices":[],"aioseo_head":"\n\t\t<!-- All in One SEO 5.0.0.1 - aioseo.com -->\n\t<meta name=\"description\" content=\"Adventn\u00ed kalend\u00e1\u0159 bez sladkost\u00ed - obsahuje n\u00e1st\u011bnn\u00fd kalend\u00e1\u0159 a leporelo, na t\u00e9ma farma. Pro\u017eijte s d\u011btmi o\u010dek\u00e1v\u00e1n\u00ed v\u00e1no\u010dn\u00edch sv\u00e1tk\u016f jinak.\" \/>\n\t<meta name=\"robots\" content=\"max-image-preview:large\" \/>\n\t<meta name=\"keywords\" content=\"adventn\u00ed kalend\u00e1\u0159,nesladk\u00fd,adventn\u00ed kalend\u00e1\u0159 bez sladkost\u00ed\" \/>\n\t<link rel=\"canonical\" href=\"https:\/\/www.megastitch.eu\/cs\/obchod\/pro-deti\/adventni-kalendar-bez-sladkosti-farma\/\" \/>\n\t<meta name=\"generator\" content=\"All in One SEO (AIOSEO) 5.0.0.1\" \/>\n\t\t<meta property=\"og:locale\" content=\"cs_CZ\" \/>\n\t\t<meta property=\"og:site_name\" content=\"MegaStitch.eu - predlohy a magnetky na vy\u0161\u00edvanie\" \/>\n\t\t<meta property=\"og:type\" content=\"article\" \/>\n\t\t<meta property=\"og:title\" content=\"Adventn\u00ed kalend\u00e1\u0159 bez sladkost\u00ed na t\u00e9ma farma | MegaStitch.eu\" \/>\n\t\t<meta property=\"og:description\" content=\"Adventn\u00ed kalend\u00e1\u0159 bez sladkost\u00ed - obsahuje n\u00e1st\u011bnn\u00fd kalend\u00e1\u0159 a leporelo, na t\u00e9ma farma. Pro\u017eijte s d\u011btmi o\u010dek\u00e1v\u00e1n\u00ed v\u00e1no\u010dn\u00edch sv\u00e1tk\u016f jinak.\" \/>\n\t\t<meta property=\"og:url\" content=\"https:\/\/www.megastitch.eu\/cs\/obchod\/pro-deti\/adventni-kalendar-bez-sladkosti-farma\/\" \/>\n\t\t<meta property=\"fb:app_id\" content=\"386203255574508\" \/>\n\t\t<meta property=\"og:image\" content=\"https:\/\/www.megastitch.eu\/wp-content\/uploads\/2019\/11\/advetny_kalendar_bez_sladkosti.jpg\" \/>\n\t\t<meta property=\"og:image:secure_url\" content=\"https:\/\/www.megastitch.eu\/wp-content\/uploads\/2019\/11\/advetny_kalendar_bez_sladkosti.jpg\" \/>\n\t\t<meta property=\"og:image:width\" content=\"975\" \/>\n\t\t<meta property=\"og:image:height\" content=\"1300\" \/>\n\t\t<meta property=\"article:published_time\" content=\"2019-11-14T15:37:02+00:00\" \/>\n\t\t<meta property=\"article:modified_time\" content=\"2024-11-30T23:00:57+00:00\" \/>\n\t\t<meta property=\"article:publisher\" content=\"https:\/\/www.facebook.com\/megastitcheu\/\" \/>\n\t\t<meta name=\"twitter:card\" content=\"summary_large_image\" \/>\n\t\t<meta name=\"twitter:title\" content=\"Adventn\u00ed kalend\u00e1\u0159 bez sladkost\u00ed na t\u00e9ma farma | MegaStitch.eu\" \/>\n\t\t<meta name=\"twitter:description\" content=\"Adventn\u00ed kalend\u00e1\u0159 bez sladkost\u00ed - obsahuje n\u00e1st\u011bnn\u00fd kalend\u00e1\u0159 a leporelo, na t\u00e9ma farma. Pro\u017eijte s d\u011btmi o\u010dek\u00e1v\u00e1n\u00ed v\u00e1no\u010dn\u00edch sv\u00e1tk\u016f jinak.\" \/>\n\t\t<meta name=\"twitter:image\" content=\"https:\/\/www.megastitch.eu\/wp-content\/uploads\/2019\/11\/advetny_kalendar_bez_sladkosti.jpg\" \/>\n\t\t<script type=\"application\/ld+json\" class=\"aioseo-schema\">\n\t\t\t{\"@context\":\"https:\\\/\\\/schema.org\",\"@graph\":[{\"@type\":\"BreadcrumbList\",\"@id\":\"https:\\\/\\\/www.megastitch.eu\\\/cs\\\/obchod\\\/pro-deti\\\/adventni-kalendar-bez-sladkosti-farma\\\/#breadcrumblist\",\"itemListElement\":[{\"@type\":\"ListItem\",\"@id\":\"https:\\\/\\\/www.megastitch.eu\\\/cs\\\/#listItem\",\"position\":1,\"name\":\"Domov\",\"item\":\"https:\\\/\\\/www.megastitch.eu\\\/cs\\\/\",\"nextItem\":{\"@type\":\"ListItem\",\"@id\":\"https:\\\/\\\/www.megastitch.eu\\\/cs\\\/eshop\\\/#listItem\",\"name\":\"Eshop\"}},{\"@type\":\"ListItem\",\"@id\":\"https:\\\/\\\/www.megastitch.eu\\\/cs\\\/eshop\\\/#listItem\",\"position\":2,\"name\":\"Eshop\",\"item\":\"https:\\\/\\\/www.megastitch.eu\\\/cs\\\/eshop\\\/\",\"nextItem\":{\"@type\":\"ListItem\",\"@id\":\"https:\\\/\\\/www.megastitch.eu\\\/cs\\\/kategorie-produktu\\\/pro-deti\\\/#listItem\",\"name\":\"Pro d\\u011bti\"},\"previousItem\":{\"@type\":\"ListItem\",\"@id\":\"https:\\\/\\\/www.megastitch.eu\\\/cs\\\/#listItem\",\"name\":\"Domov\"}},{\"@type\":\"ListItem\",\"@id\":\"https:\\\/\\\/www.megastitch.eu\\\/cs\\\/kategorie-produktu\\\/pro-deti\\\/#listItem\",\"position\":3,\"name\":\"Pro d\\u011bti\",\"item\":\"https:\\\/\\\/www.megastitch.eu\\\/cs\\\/kategorie-produktu\\\/pro-deti\\\/\",\"nextItem\":{\"@type\":\"ListItem\",\"@id\":\"https:\\\/\\\/www.megastitch.eu\\\/cs\\\/obchod\\\/pro-deti\\\/adventni-kalendar-bez-sladkosti-farma\\\/#listItem\",\"name\":\"Adventn\\u00ed kalend\\u00e1\\u0159 bez sladkost\\u00ed, farma\"},\"previousItem\":{\"@type\":\"ListItem\",\"@id\":\"https:\\\/\\\/www.megastitch.eu\\\/cs\\\/eshop\\\/#listItem\",\"name\":\"Eshop\"}},{\"@type\":\"ListItem\",\"@id\":\"https:\\\/\\\/www.megastitch.eu\\\/cs\\\/obchod\\\/pro-deti\\\/adventni-kalendar-bez-sladkosti-farma\\\/#listItem\",\"position\":4,\"name\":\"Adventn\\u00ed kalend\\u00e1\\u0159 bez sladkost\\u00ed, farma\",\"previousItem\":{\"@type\":\"ListItem\",\"@id\":\"https:\\\/\\\/www.megastitch.eu\\\/cs\\\/kategorie-produktu\\\/pro-deti\\\/#listItem\",\"name\":\"Pro d\\u011bti\"}}]},{\"@type\":\"ItemPage\",\"@id\":\"https:\\\/\\\/www.megastitch.eu\\\/cs\\\/obchod\\\/pro-deti\\\/adventni-kalendar-bez-sladkosti-farma\\\/#itempage\",\"url\":\"https:\\\/\\\/www.megastitch.eu\\\/cs\\\/obchod\\\/pro-deti\\\/adventni-kalendar-bez-sladkosti-farma\\\/\",\"name\":\"Adventn\\u00ed kalend\\u00e1\\u0159 bez sladkost\\u00ed na t\\u00e9ma farma | MegaStitch.eu\",\"description\":\"Adventn\\u00ed kalend\\u00e1\\u0159 bez sladkost\\u00ed - obsahuje n\\u00e1st\\u011bnn\\u00fd kalend\\u00e1\\u0159 a leporelo, na t\\u00e9ma farma. Pro\\u017eijte s d\\u011btmi o\\u010dek\\u00e1v\\u00e1n\\u00ed v\\u00e1no\\u010dn\\u00edch sv\\u00e1tk\\u016f jinak.\",\"inLanguage\":\"cs-CZ\",\"isPartOf\":{\"@id\":\"https:\\\/\\\/www.megastitch.eu\\\/cs\\\/#website\"},\"breadcrumb\":{\"@id\":\"https:\\\/\\\/www.megastitch.eu\\\/cs\\\/obchod\\\/pro-deti\\\/adventni-kalendar-bez-sladkosti-farma\\\/#breadcrumblist\"},\"image\":{\"@type\":\"ImageObject\",\"url\":\"https:\\\/\\\/www.megastitch.eu\\\/wp-content\\\/uploads\\\/2019\\\/11\\\/advetny_kalendar_bez_sladkosti.jpg\",\"@id\":\"https:\\\/\\\/www.megastitch.eu\\\/cs\\\/obchod\\\/pro-deti\\\/adventni-kalendar-bez-sladkosti-farma\\\/#mainImage\",\"width\":975,\"height\":1300,\"caption\":\"Adventn\\u00ed kalend\\u00e1\\u0159 bez sladkost\\u00ed na t\\u00e9ma farma\"},\"primaryImageOfPage\":{\"@id\":\"https:\\\/\\\/www.megastitch.eu\\\/cs\\\/obchod\\\/pro-deti\\\/adventni-kalendar-bez-sladkosti-farma\\\/#mainImage\"},\"datePublished\":\"2019-11-14T15:25:53+01:00\",\"dateModified\":\"2024-12-01T00:00:57+01:00\"},{\"@type\":\"Organization\",\"@id\":\"https:\\\/\\\/www.megastitch.eu\\\/cs\\\/#organization\",\"name\":\"MegaStitch.eu\",\"description\":\"predlohy a magnetky na vy\\u0161\\u00edvanie\",\"url\":\"https:\\\/\\\/www.megastitch.eu\\\/cs\\\/\",\"telephone\":\"+421907436637\",\"logo\":{\"@type\":\"ImageObject\",\"url\":\"https:\\\/\\\/www.megastitch.eu\\\/wp-content\\\/uploads\\\/2022\\\/09\\\/megastitch_logo_green.png\",\"@id\":\"https:\\\/\\\/www.megastitch.eu\\\/cs\\\/obchod\\\/pro-deti\\\/adventni-kalendar-bez-sladkosti-farma\\\/#organizationLogo\",\"width\":185,\"height\":33},\"image\":{\"@id\":\"https:\\\/\\\/www.megastitch.eu\\\/cs\\\/obchod\\\/pro-deti\\\/adventni-kalendar-bez-sladkosti-farma\\\/#organizationLogo\"},\"sameAs\":[\"https:\\\/\\\/www.instagram.com\\\/megastitcheu\\\/\"]},{\"@type\":\"WebSite\",\"@id\":\"https:\\\/\\\/www.megastitch.eu\\\/cs\\\/#website\",\"url\":\"https:\\\/\\\/www.megastitch.eu\\\/cs\\\/\",\"name\":\"MegaStitch.eu\",\"description\":\"predlohy a magnetky na vy\\u0161\\u00edvanie\",\"inLanguage\":\"cs-CZ\",\"publisher\":{\"@id\":\"https:\\\/\\\/www.megastitch.eu\\\/cs\\\/#organization\"}}]}\n\t\t<\/script>\n\t\t<!-- All in One SEO -->\n\n","aioseo_head_json":{"title":"Adventn\u00ed kalend\u00e1\u0159 bez sladkost\u00ed na t\u00e9ma farma | MegaStitch.eu","description":"Adventn\u00ed kalend\u00e1\u0159 bez sladkost\u00ed - obsahuje n\u00e1st\u011bnn\u00fd kalend\u00e1\u0159 a leporelo, na t\u00e9ma farma. Pro\u017eijte s d\u011btmi o\u010dek\u00e1v\u00e1n\u00ed v\u00e1no\u010dn\u00edch sv\u00e1tk\u016f jinak.","canonical_url":"https:\/\/www.megastitch.eu\/cs\/obchod\/pro-deti\/adventni-kalendar-bez-sladkosti-farma\/","robots":"max-image-preview:large","keywords":"adventn\u00ed kalend\u00e1\u0159,nesladk\u00fd,adventn\u00ed kalend\u00e1\u0159 bez sladkost\u00ed","webmasterTools":{"miscellaneous":""},"schema":{"@context":"https:\/\/schema.org","@graph":[{"@type":"BreadcrumbList","@id":"https:\/\/www.megastitch.eu\/cs\/obchod\/pro-deti\/adventni-kalendar-bez-sladkosti-farma\/#breadcrumblist","itemListElement":[{"@type":"ListItem","@id":"https:\/\/www.megastitch.eu\/cs\/#listItem","position":1,"name":"Domov","item":"https:\/\/www.megastitch.eu\/cs\/","nextItem":{"@type":"ListItem","@id":"https:\/\/www.megastitch.eu\/cs\/eshop\/#listItem","name":"Eshop"}},{"@type":"ListItem","@id":"https:\/\/www.megastitch.eu\/cs\/eshop\/#listItem","position":2,"name":"Eshop","item":"https:\/\/www.megastitch.eu\/cs\/eshop\/","nextItem":{"@type":"ListItem","@id":"https:\/\/www.megastitch.eu\/cs\/kategorie-produktu\/pro-deti\/#listItem","name":"Pro d\u011bti"},"previousItem":{"@type":"ListItem","@id":"https:\/\/www.megastitch.eu\/cs\/#listItem","name":"Domov"}},{"@type":"ListItem","@id":"https:\/\/www.megastitch.eu\/cs\/kategorie-produktu\/pro-deti\/#listItem","position":3,"name":"Pro d\u011bti","item":"https:\/\/www.megastitch.eu\/cs\/kategorie-produktu\/pro-deti\/","nextItem":{"@type":"ListItem","@id":"https:\/\/www.megastitch.eu\/cs\/obchod\/pro-deti\/adventni-kalendar-bez-sladkosti-farma\/#listItem","name":"Adventn\u00ed kalend\u00e1\u0159 bez sladkost\u00ed, farma"},"previousItem":{"@type":"ListItem","@id":"https:\/\/www.megastitch.eu\/cs\/eshop\/#listItem","name":"Eshop"}},{"@type":"ListItem","@id":"https:\/\/www.megastitch.eu\/cs\/obchod\/pro-deti\/adventni-kalendar-bez-sladkosti-farma\/#listItem","position":4,"name":"Adventn\u00ed kalend\u00e1\u0159 bez sladkost\u00ed, farma","previousItem":{"@type":"ListItem","@id":"https:\/\/www.megastitch.eu\/cs\/kategorie-produktu\/pro-deti\/#listItem","name":"Pro d\u011bti"}}]},{"@type":"ItemPage","@id":"https:\/\/www.megastitch.eu\/cs\/obchod\/pro-deti\/adventni-kalendar-bez-sladkosti-farma\/#itempage","url":"https:\/\/www.megastitch.eu\/cs\/obchod\/pro-deti\/adventni-kalendar-bez-sladkosti-farma\/","name":"Adventn\u00ed kalend\u00e1\u0159 bez sladkost\u00ed na t\u00e9ma farma | MegaStitch.eu","description":"Adventn\u00ed kalend\u00e1\u0159 bez sladkost\u00ed - obsahuje n\u00e1st\u011bnn\u00fd kalend\u00e1\u0159 a leporelo, na t\u00e9ma farma. Pro\u017eijte s d\u011btmi o\u010dek\u00e1v\u00e1n\u00ed v\u00e1no\u010dn\u00edch sv\u00e1tk\u016f jinak.","inLanguage":"cs-CZ","isPartOf":{"@id":"https:\/\/www.megastitch.eu\/cs\/#website"},"breadcrumb":{"@id":"https:\/\/www.megastitch.eu\/cs\/obchod\/pro-deti\/adventni-kalendar-bez-sladkosti-farma\/#breadcrumblist"},"image":{"@type":"ImageObject","url":"https:\/\/www.megastitch.eu\/wp-content\/uploads\/2019\/11\/advetny_kalendar_bez_sladkosti.jpg","@id":"https:\/\/www.megastitch.eu\/cs\/obchod\/pro-deti\/adventni-kalendar-bez-sladkosti-farma\/#mainImage","width":975,"height":1300,"caption":"Adventn\u00ed kalend\u00e1\u0159 bez sladkost\u00ed na t\u00e9ma farma"},"primaryImageOfPage":{"@id":"https:\/\/www.megastitch.eu\/cs\/obchod\/pro-deti\/adventni-kalendar-bez-sladkosti-farma\/#mainImage"},"datePublished":"2019-11-14T15:25:53+01:00","dateModified":"2024-12-01T00:00:57+01:00"},{"@type":"Organization","@id":"https:\/\/www.megastitch.eu\/cs\/#organization","name":"MegaStitch.eu","description":"predlohy a magnetky na vy\u0161\u00edvanie","url":"https:\/\/www.megastitch.eu\/cs\/","telephone":"+421907436637","logo":{"@type":"ImageObject","url":"https:\/\/www.megastitch.eu\/wp-content\/uploads\/2022\/09\/megastitch_logo_green.png","@id":"https:\/\/www.megastitch.eu\/cs\/obchod\/pro-deti\/adventni-kalendar-bez-sladkosti-farma\/#organizationLogo","width":185,"height":33},"image":{"@id":"https:\/\/www.megastitch.eu\/cs\/obchod\/pro-deti\/adventni-kalendar-bez-sladkosti-farma\/#organizationLogo"},"sameAs":["https:\/\/www.instagram.com\/megastitcheu\/"]},{"@type":"WebSite","@id":"https:\/\/www.megastitch.eu\/cs\/#website","url":"https:\/\/www.megastitch.eu\/cs\/","name":"MegaStitch.eu","description":"predlohy a magnetky na vy\u0161\u00edvanie","inLanguage":"cs-CZ","publisher":{"@id":"https:\/\/www.megastitch.eu\/cs\/#organization"}}]},"og:locale":"cs_CZ","og:site_name":"MegaStitch.eu - predlohy a magnetky na vy\u0161\u00edvanie","og:type":"article","og:title":"Adventn\u00ed kalend\u00e1\u0159 bez sladkost\u00ed na t\u00e9ma farma | MegaStitch.eu","og:description":"Adventn\u00ed kalend\u00e1\u0159 bez sladkost\u00ed - obsahuje n\u00e1st\u011bnn\u00fd kalend\u00e1\u0159 a leporelo, na t\u00e9ma farma. Pro\u017eijte s d\u011btmi o\u010dek\u00e1v\u00e1n\u00ed v\u00e1no\u010dn\u00edch sv\u00e1tk\u016f jinak.","og:url":"https:\/\/www.megastitch.eu\/cs\/obchod\/pro-deti\/adventni-kalendar-bez-sladkosti-farma\/","fb:app_id":"386203255574508","og:image":"https:\/\/www.megastitch.eu\/wp-content\/uploads\/2019\/11\/advetny_kalendar_bez_sladkosti.jpg","og:image:secure_url":"https:\/\/www.megastitch.eu\/wp-content\/uploads\/2019\/11\/advetny_kalendar_bez_sladkosti.jpg","og:image:width":975,"og:image:height":1300,"article:published_time":"2019-11-14T15:37:02+00:00","article:modified_time":"2024-11-30T23:00:57+00:00","article:publisher":"https:\/\/www.facebook.com\/megastitcheu\/","twitter:card":"summary_large_image","twitter:title":"Adventn\u00ed kalend\u00e1\u0159 bez sladkost\u00ed na t\u00e9ma farma | MegaStitch.eu","twitter:description":"Adventn\u00ed kalend\u00e1\u0159 bez sladkost\u00ed - obsahuje n\u00e1st\u011bnn\u00fd kalend\u00e1\u0159 a leporelo, na t\u00e9ma farma. Pro\u017eijte s d\u011btmi o\u010dek\u00e1v\u00e1n\u00ed v\u00e1no\u010dn\u00edch sv\u00e1tk\u016f jinak.","twitter:image":"https:\/\/www.megastitch.eu\/wp-content\/uploads\/2019\/11\/advetny_kalendar_bez_sladkosti.jpg"},"aioseo_meta_data":{"post_id":"1397","title":"Adventn\u00ed kalend\u00e1\u0159 bez sladkost\u00ed na t\u00e9ma farma | #site_title","description":"Adventn\u00ed kalend\u00e1\u0159 bez sladkost\u00ed - obsahuje n\u00e1st\u011bnn\u00fd kalend\u00e1\u0159 a leporelo, na t\u00e9ma farma. Pro\u017eijte s d\u011btmi o\u010dek\u00e1v\u00e1n\u00ed v\u00e1no\u010dn\u00edch sv\u00e1tk\u016f jinak.","keywords":[{"label":"adventn\u00ed kalend\u00e1\u0159","value":"adventn\u00ed kalend\u00e1\u0159"},{"label":"nesladk\u00fd","value":"nesladk\u00fd"},{"label":"adventn\u00ed kalend\u00e1\u0159 bez sladkost\u00ed","value":"adventn\u00ed kalend\u00e1\u0159 bez sladkost\u00ed"}],"keyphrases":{"focus":[],"additional":[]},"canonical_url":null,"og_title":null,"og_description":null,"og_object_type":"default","og_image_type":"default","og_image_url":null,"og_image_width":null,"og_image_height":null,"og_image_custom_url":null,"og_image_custom_fields":null,"og_video":null,"og_custom_url":null,"og_article_section":null,"og_article_tags":null,"twitter_use_og":false,"twitter_card":"default","twitter_image_type":"default","twitter_image_url":null,"twitter_image_custom_url":null,"twitter_image_custom_fields":null,"twitter_title":null,"twitter_description":null,"schema":{"blockGraphs":[],"customGraphs":[],"default":{"data":{"Article":[],"Course":[],"Dataset":[],"FAQPage":[],"Movie":[],"Person":[],"Product":[],"ProductReview":[],"Car":[],"Recipe":[],"Service":[],"SoftwareApplication":[],"WebPage":[]},"graphName":"","isEnabled":true},"graphs":[],"defaultGraph":"","defaultPostTypeGraph":""},"schema_type":"default","schema_type_options":null,"pillar_content":false,"robots_default":true,"robots_noindex":false,"robots_noarchive":false,"robots_nosnippet":false,"robots_nofollow":false,"robots_noimageindex":false,"robots_noodp":false,"robots_notranslate":false,"robots_max_snippet":null,"robots_max_videopreview":null,"robots_max_imagepreview":"large","priority":null,"frequency":null,"local_seo":null,"limit_modified_date":false,"created":"2022-09-03 16:40:08","updated":"2026-08-09 18:40:19","focus_keyword":null,"additional_keywords":null,"truseo_locale":null,"primary_term":null,"ai":null,"breadcrumb_settings":null,"seo_analyzer_scan_date":null},"aioseo_breadcrumb":"<div class=\"aioseo-breadcrumbs\"><span class=\"aioseo-breadcrumb\">\n\t\t\t<a href=\"https:\/\/www.megastitch.eu\/cs\/\" title=\"Domov\">Domov<\/a>\n\t\t<\/span><span class=\"aioseo-breadcrumb-separator\">&raquo;<\/span><span class=\"aioseo-breadcrumb\">\n\t\t\t<a href=\"https:\/\/www.megastitch.eu\/cs\/eshop\/\" title=\"Eshop\">Eshop<\/a>\n\t\t<\/span><span class=\"aioseo-breadcrumb-separator\">&raquo;<\/span><span class=\"aioseo-breadcrumb\">\n\t\t\t<a href=\"https:\/\/www.megastitch.eu\/cs\/kategorie-produktu\/pro-deti\/\" title=\"Pro d\u011bti\">Pro d\u011bti<\/a>\n\t\t<\/span><span class=\"aioseo-breadcrumb-separator\">&raquo;<\/span><span class=\"aioseo-breadcrumb\">\n\t\t\tAdventn\u00ed kalend\u00e1\u0159 bez sladkost\u00ed, farma\n\t\t<\/span><\/div>","aioseo_breadcrumb_json":[{"label":"Domov","link":"https:\/\/www.megastitch.eu\/cs\/"},{"label":"Eshop","link":"https:\/\/www.megastitch.eu\/cs\/eshop\/"},{"label":"Pro d\u011bti","link":"https:\/\/www.megastitch.eu\/cs\/kategorie-produktu\/pro-deti\/"},{"label":"Adventn\u00ed kalend\u00e1\u0159 bez sladkost\u00ed, farma","link":"https:\/\/www.megastitch.eu\/cs\/obchod\/pro-deti\/adventni-kalendar-bez-sladkosti-farma\/"}],"featured_image_urls_v2":{"full":["https:\/\/www.megastitch.eu\/wp-content\/uploads\/2019\/11\/advetny_kalendar_bez_sladkosti.jpg",975,1300,false],"thumbnail":["https:\/\/www.megastitch.eu\/wp-content\/uploads\/2019\/11\/advetny_kalendar_bez_sladkosti-150x150.jpg",150,150,true],"medium":["https:\/\/www.megastitch.eu\/wp-content\/uploads\/2019\/11\/advetny_kalendar_bez_sladkosti-225x300.jpg",225,300,true],"medium_large":["https:\/\/www.megastitch.eu\/wp-content\/uploads\/2019\/11\/advetny_kalendar_bez_sladkosti-768x1024.jpg",768,1024,true],"large":["https:\/\/www.megastitch.eu\/wp-content\/uploads\/2019\/11\/advetny_kalendar_bez_sladkosti-768x1024.jpg",768,1024,true],"1536x1536":["https:\/\/www.megastitch.eu\/wp-content\/uploads\/2019\/11\/advetny_kalendar_bez_sladkosti.jpg",975,1300,false],"2048x2048":["https:\/\/www.megastitch.eu\/wp-content\/uploads\/2019\/11\/advetny_kalendar_bez_sladkosti.jpg",975,1300,false],"ultp_layout_landscape_large":["https:\/\/www.megastitch.eu\/wp-content\/uploads\/2019\/11\/advetny_kalendar_bez_sladkosti.jpg",600,800,false],"ultp_layout_landscape":["https:\/\/www.megastitch.eu\/wp-content\/uploads\/2019\/11\/advetny_kalendar_bez_sladkosti.jpg",428,570,false],"ultp_layout_portrait":["https:\/\/www.megastitch.eu\/wp-content\/uploads\/2019\/11\/advetny_kalendar_bez_sladkosti.jpg",600,800,false],"ultp_layout_square":["https:\/\/www.megastitch.eu\/wp-content\/uploads\/2019\/11\/advetny_kalendar_bez_sladkosti.jpg",450,600,false],"molla_post-grid":["https:\/\/www.megastitch.eu\/wp-content\/uploads\/2019\/11\/advetny_kalendar_bez_sladkosti.jpg",200,267,false],"woocommerce_thumbnail":["https:\/\/www.megastitch.eu\/wp-content\/uploads\/2019\/11\/advetny_kalendar_bez_sladkosti-300x400.jpg",300,400,true],"woocommerce_single":["https:\/\/www.megastitch.eu\/wp-content\/uploads\/2019\/11\/advetny_kalendar_bez_sladkosti-600x800.jpg",600,800,true],"woocommerce_gallery_thumbnail":["https:\/\/www.megastitch.eu\/wp-content\/uploads\/2019\/11\/advetny_kalendar_bez_sladkosti-100x100.jpg",100,100,true]},"post_excerpt_stackable_v2":"<p>Adventn\u00ed kalend\u00e1\u0159 slo\u017een\u00fd z n\u00e1st\u011bnn\u00e9ho kalend\u00e1\u0159e a leporela, na t\u00e9ma farma. Pro\u017eijte s d\u011btmi o\u010dek\u00e1v\u00e1n\u00ed v\u00e1no\u010dn\u00edch sv\u00e1tk\u016f jinak. Spolu v rodinn\u00e9m kruhu p\u0159i h\u0159e a vypl\u0148ov\u00e1n\u00ed tohoto kalend\u00e1\u0159e. Kalend\u00e1\u0159 je v \u010desk\u00e9m jazyce.<\/p>\n","category_list_v2":"","author_info_v2":{"name":"","url":""},"comments_num_v2":"0 comments","uagb_featured_image_src":{"full":["https:\/\/www.megastitch.eu\/wp-content\/uploads\/2019\/11\/advetny_kalendar_bez_sladkosti.jpg",975,1300,false],"thumbnail":["https:\/\/www.megastitch.eu\/wp-content\/uploads\/2019\/11\/advetny_kalendar_bez_sladkosti-150x150.jpg",150,150,true],"medium":["https:\/\/www.megastitch.eu\/wp-content\/uploads\/2019\/11\/advetny_kalendar_bez_sladkosti-225x300.jpg",225,300,true],"medium_large":["https:\/\/www.megastitch.eu\/wp-content\/uploads\/2019\/11\/advetny_kalendar_bez_sladkosti-768x1024.jpg",768,1024,true],"large":["https:\/\/www.megastitch.eu\/wp-content\/uploads\/2019\/11\/advetny_kalendar_bez_sladkosti-768x1024.jpg",768,1024,true],"1536x1536":["https:\/\/www.megastitch.eu\/wp-content\/uploads\/2019\/11\/advetny_kalendar_bez_sladkosti.jpg",975,1300,false],"2048x2048":["https:\/\/www.megastitch.eu\/wp-content\/uploads\/2019\/11\/advetny_kalendar_bez_sladkosti.jpg",975,1300,false],"ultp_layout_landscape_large":["https:\/\/www.megastitch.eu\/wp-content\/uploads\/2019\/11\/advetny_kalendar_bez_sladkosti.jpg",600,800,false],"ultp_layout_landscape":["https:\/\/www.megastitch.eu\/wp-content\/uploads\/2019\/11\/advetny_kalendar_bez_sladkosti.jpg",428,570,false],"ultp_layout_portrait":["https:\/\/www.megastitch.eu\/wp-content\/uploads\/2019\/11\/advetny_kalendar_bez_sladkosti.jpg",600,800,false],"ultp_layout_square":["https:\/\/www.megastitch.eu\/wp-content\/uploads\/2019\/11\/advetny_kalendar_bez_sladkosti.jpg",450,600,false],"molla_post-grid":["https:\/\/www.megastitch.eu\/wp-content\/uploads\/2019\/11\/advetny_kalendar_bez_sladkosti.jpg",200,267,false],"woocommerce_thumbnail":["https:\/\/www.megastitch.eu\/wp-content\/uploads\/2019\/11\/advetny_kalendar_bez_sladkosti-300x400.jpg",300,400,true],"woocommerce_single":["https:\/\/www.megastitch.eu\/wp-content\/uploads\/2019\/11\/advetny_kalendar_bez_sladkosti-600x800.jpg",600,800,true],"woocommerce_gallery_thumbnail":["https:\/\/www.megastitch.eu\/wp-content\/uploads\/2019\/11\/advetny_kalendar_bez_sladkosti-100x100.jpg",100,100,true]},"uagb_author_info":{"display_name":"Ludmila Mikusikova","author_link":"https:\/\/www.megastitch.eu\/cs\/author\/"},"uagb_comment_info":0,"uagb_excerpt":"Adventn\u00ed kalend\u00e1\u0159 slo\u017een\u00fd z n\u00e1st\u011bnn\u00e9ho kalend\u00e1\u0159e a leporela, na t\u00e9ma farma. Pro\u017eijte s d\u011btmi o\u010dek\u00e1v\u00e1n\u00ed v\u00e1no\u010dn\u00edch sv\u00e1tk\u016f jinak. Spolu v rodinn\u00e9m kruhu p\u0159i h\u0159e a vypl\u0148ov\u00e1n\u00ed tohoto kalend\u00e1\u0159e. Kalend\u00e1\u0159 je v \u010desk\u00e9m jazyce.","_links":{"self":[{"href":"https:\/\/www.megastitch.eu\/cs\/wp-json\/wp\/v2\/product\/1397","targetHints":{"allow":["GET"]}}],"collection":[{"href":"https:\/\/www.megastitch.eu\/cs\/wp-json\/wp\/v2\/product"}],"about":[{"href":"https:\/\/www.megastitch.eu\/cs\/wp-json\/wp\/v2\/types\/product"}],"replies":[{"embeddable":true,"href":"https:\/\/www.megastitch.eu\/cs\/wp-json\/wp\/v2\/comments?post=1397"}],"wp:featuredmedia":[{"embeddable":true,"href":"https:\/\/www.megastitch.eu\/cs\/wp-json\/wp\/v2\/media\/1430"}],"wp:attachment":[{"href":"https:\/\/www.megastitch.eu\/cs\/wp-json\/wp\/v2\/media?parent=1397"}],"wp:term":[{"taxonomy":"product_cat","embeddable":true,"href":"https:\/\/www.megastitch.eu\/cs\/wp-json\/wp\/v2\/product_cat?post=1397"},{"taxonomy":"product_tag","embeddable":true,"href":"https:\/\/www.megastitch.eu\/cs\/wp-json\/wp\/v2\/product_tag?post=1397"}],"curies":[{"name":"wp","href":"https:\/\/api.w.org\/{rel}","templated":true}]}}